{"version":"1.0","type":"rich","provider_name":"Site Pagestec","provider_url":"https:\/\/www.pagestec.org","title":"Bordeaux s&#8217;appr\u00eate \u00e0 accueillir un d\u00e9fil\u00e9 de v\u00e9hicules autonomes","author_name":"Juliette Raynal","width":"480","height":"295","url":"https:\/\/pagestec.org\/article1048.html","html":"\u003Ch4 class='title'\u003E\u003Ca href='https:\/\/pagestec.org\/article1048.html'\u003EBordeaux s&#8217;appr\u00eate \u00e0 accueillir un d\u00e9fil\u00e9 de v\u00e9hicules autonomes\u003C\/a\u003E\u003C\/h4\u003E\u003Cblockquote class='spip'\u003E\n\u003Cp\u003ELa 22e \u00e9dition du congr\u00e8s international des syst\u00e8mes de transport intelligents (ITS) ouvrira ses portes le 5 octobre 2015 \u00e0 Bordeaux. La manifestation, articul\u00e9e autour du th\u00e8me de la mobilit\u00e9 intelligente, fera la part belle aux v\u00e9hicules autonomes. Certains, comme les prototypes de Valeo ou d&#39;Akka Technologies, effectueront m\u00eame [\u2026] Lire l\u2019article\u003C\/p\u003E\n\u003C\/blockquote\u003E\n"}