{"version":"1.0","type":"rich","provider_name":"Site Pagestec","provider_url":"https:\/\/www.pagestec.org","title":"Apr\u00e8s sa travers\u00e9e de la Manche, l\u2019e-fan au d\u00e9fi de l\u2019industrialisation","author_name":"Philippe Passebon","width":"480","height":"295","url":"https:\/\/pagestec.org\/article1070.html","html":"\u003Ch4 class='title'\u003E\u003Ca href='https:\/\/pagestec.org\/article1070.html'\u003EApr\u00e8s sa travers\u00e9e de la Manche, l\u2019e-fan au d\u00e9fi de l\u2019industrialisation\u003C\/a\u003E\u003C\/h4\u003E\u003Cblockquote class='spip'\u003E\n\u003Cp\u003EEn l\u2019espace d\u2019une quinzaine d\u2019heures, deux avions \u00e9lectriques sont parvenus \u00e0 traverser la manche. Tous deux \u2013 le Cricri et l\u2019e-Fan - ont \u00e9t\u00e9 d\u00e9velopp\u00e9s par Airbus Group. Prochaine \u00e9tape&nbsp;: l\u2019industrialisation de l\u2019avion e-Fan 2.0 comme avion-\u00e9cole. Serions-nous revenus aux premiers temps de [\u2026] Lire l\u2019article\u003C\/p\u003E\n\u003C\/blockquote\u003E\n"}