{"version":"1.0","type":"rich","provider_name":"Site Pagestec","provider_url":"https:\/\/www.pagestec.org","title":"Les acad\u00e9mies des sciences et des technologies fran\u00e7aises et allemandes collaborent pour la transition \u00e9nerg\u00e9tique","author_name":"Philippe Passebon","width":"480","height":"295","url":"https:\/\/pagestec.org\/article1088.html","html":"\u003Ch4 class='title'\u003E\u003Ca href='https:\/\/pagestec.org\/article1088.html'\u003ELes acad\u00e9mies des sciences et des technologies fran\u00e7aises et allemandes collaborent pour la transition \u00e9nerg\u00e9tique\u003C\/a\u003E\u003C\/h4\u003E\u003Cblockquote class='spip'\u003E\n\u003Cp\u003EEn vue de la tenue prochaine de la 21e Conf\u00e9rence des Nations Unies sur le changement climatique (COP 21), les quatre acad\u00e9mies nationales fran\u00e7aises et allemandes des sciences et des technologies ont rendu publique vendredi 10 juillet \u00e0 Paris une D\u00e9claration conjointe, appelant les deux pays \u00e0 renforcer leur coop\u00e9ration mutuelle. Les [\u2026] Lire l\u2019article\u003C\/p\u003E\n\u003C\/blockquote\u003E\n"}