{"version":"1.0","type":"rich","provider_name":"Site Pagestec","provider_url":"https:\/\/www.pagestec.org","title":"Coll\u00e8ge&nbsp;: Ta communaut\u00e9 \u00e9ducative fout le camp...","author_name":"Secretaire","width":"480","height":"295","url":"https:\/\/pagestec.org\/article12.html","html":"\u003Ch4 class='title'\u003E\u003Ca href='https:\/\/pagestec.org\/article12.html'\u003EColl\u00e8ge&nbsp;: Ta communaut\u00e9 \u00e9ducative fout le camp...\u003C\/a\u003E\u003C\/h4\u003E\u003Cblockquote class='spip'\u003E\n\u003Cp\u003E\"Les jeunes Fran\u00e7ais manquent un peu de chance. A l\u2019\u00e2ge de 11 ans, ils acc\u00e8dent \u00e0 un \u00e9tablissement scolaire qui accepte les bons \u00e9l\u00e8ves mais tol\u00e8re mal les autres. Au quotidien, les coll\u00e9giens d\u00e9pendent de professeurs d\u2019abord int\u00e9ress\u00e9s par leur mati\u00e8re... peu enclins aux comportements \u00e9ducatifs\". La th\u00e8se d\u2019Alain Garcia sur \"Education et discipline au coll\u00e8ge\" va faire grincer des dents. Elle d\u00e9crit un univers \u00e9ducatif fragment\u00e9 entre enseignants, absents hors de leurs cours, vie scolaire charg\u00e9e des basses&nbsp;(...)\u003C\/p\u003E\n\u003C\/blockquote\u003E\n"}