{"version":"1.0","type":"rich","provider_name":"Site Pagestec","provider_url":"https:\/\/www.pagestec.org","title":"CLISE&nbsp;: du 25 au 29 janvier, une semaine pour \u00e9changer sur la classe invers\u00e9e","author_name":"Fabien Soyez","width":"480","height":"295","url":"https:\/\/pagestec.org\/article1419.html","html":"\u003Ch4 class='title'\u003E\u003Ca href='https:\/\/pagestec.org\/article1419.html'\u003ECLISE&nbsp;: du 25 au 29 janvier, une semaine pour \u00e9changer sur la classe invers\u00e9e\u003C\/a\u003E\u003C\/h4\u003E\u003Cblockquote class='spip'\u003E\n\u003Cp\u003ELe collectif \"Inversons la Classe\" organise, du 25 au 29 janvier, la semaine de la classe invers\u00e9e. Les enseignants de toute la France qui ont adopt\u00e9 ce syst\u00e8me pourront \"ouvrir leurs classes\" \u00e0 leurs coll\u00e8gues, et partager leur exp\u00e9rience.\u003C\/p\u003E\n\u003C\/blockquote\u003E\n"}