{"version":"1.0","type":"rich","provider_name":"Site Pagestec","provider_url":"https:\/\/www.pagestec.org","title":"Autour des r\u00e9formes du syst\u00e8me \u00e9ducatif - l&#8217;avis d&#8217;un chef d&#8217;entreprise","author_name":"Pagestec","width":"480","height":"295","url":"https:\/\/pagestec.org\/article1431.html","html":"\u003Ch4 class='title'\u003E\u003Ca href='https:\/\/pagestec.org\/article1431.html'\u003EAutour des r\u00e9formes du syst\u00e8me \u00e9ducatif - l&#8217;avis d&#8217;un chef d&#8217;entreprise\u003C\/a\u003E\u003C\/h4\u003E\u003Cblockquote class='spip'\u003E\n\u003Cp\u003ENous vous pr\u00e9sentons ci-dessous l\u2019avis d\u2019Etienne Bernot, Directeur de la soci\u00e9t\u00e9 A4 Technologie, avis \u00e9mis dans un souci d\u2019apporter des \u00e9l\u00e9ments constructifs et de r\u00e9flexion concernant les r\u00e9formes successives de notre syst\u00e8me \u00e9ducatif. \n\u003Cbr class='autobr' \/\u003E\n\tPour en \u00eatre le t\u00e9moin tous les jours dans notre travail et pour les avoir d\u00e9j\u00e0 entendus de nombreux professionnels, nous rejoignons pleinement M.&nbsp;Bernot sur ses constats et remarques. \n\u003Cbr class='autobr' \/\u003E\n\tBien que nous soyons persuad\u00e9s que notre Minist\u00e8re en est d\u00e9j\u00e0 tout \u00e0 fait conscient,&nbsp;(...)\u003C\/p\u003E\n\u003C\/blockquote\u003E\n"}