{"version":"1.0","type":"rich","provider_name":"Site Pagestec","provider_url":"https:\/\/www.pagestec.org","title":"Pour une &#233;cole de l&#8217;exigence intellectuelle","author_name":"L&#8217;\u00e9quipe du GRDS","width":"480","height":"295","url":"https:\/\/pagestec.org\/article1512.html","html":"\u003Ch4 class='title'\u003E\u003Ca href='https:\/\/pagestec.org\/article1512.html'\u003EPour une &#233;cole de l&#8217;exigence intellectuelle\u003C\/a\u003E\u003C\/h4\u003E\u003Cblockquote class='spip'\u003E\n\u003Cp\u003EL\u2019ouvrage de Jean-Pierre Terrail&nbsp;: \"Pour une \u00e9cole de l\u2019exigence intellectuelle. Changer de paradigme p\u00e9dagogique\" (La Dispute, parution 12 f\u00e9vrier 2016) sera pr\u00e9sent\u00e9 et mis en d\u00e9bat le 16 f\u00e9vrier \u00e0 Paris, mairie du 3\u00e8me arrondissement. Introduction par l\u2019auteur&nbsp;; discutants&nbsp;: Marcel Gauchet, directeur (...)\u003C\/p\u003E\n\u003C\/blockquote\u003E\n"}