{"version":"1.0","type":"rich","provider_name":"Site Pagestec","provider_url":"https:\/\/www.pagestec.org","title":"r\u00e9alisation collective de mini-char \u00e0 voile&nbsp;: D\u00e9fi Air Atlantique","author_name":"","width":"480","height":"295","url":"https:\/\/pagestec.org\/article1548.html","html":"\u003Ch4 class='title'\u003E\u003Ca href='https:\/\/pagestec.org\/article1548.html'\u003Er\u00e9alisation collective de mini-char \u00e0 voile&nbsp;: D\u00e9fi Air Atlantique\u003C\/a\u003E\u003C\/h4\u003E\u003Cblockquote class='spip'\u003E\n\u003Cp\u003EDans le cadre du programme de 3\u00e8me, les \u00e9l\u00e8ves ont pour objectif de cr\u00e9er un mini-char \u00e0 voile t\u00e9l\u00e9command\u00e9, de cat\u00e9gorie 1, par \u00e9quipe de 4. Ils devront mobiliser toutes leurs connaissances accumul\u00e9es lors des ann\u00e9es pr\u00e9c\u00e9dentes et proc\u00e9der \u00e0 des investigations pour tout inventer avant d\u2019aller le tester en (...)\u003C\/p\u003E\n\u003C\/blockquote\u003E\n"}