{"version":"1.0","type":"rich","provider_name":"Site Pagestec","provider_url":"https:\/\/www.pagestec.org","title":"L\u2019obsolescence programm\u00e9e est-elle obsol\u00e8te&nbsp;? - technologie n&#176;191 - \u00e9duscol STI","author_name":"Daniel Morgenstern","width":"480","height":"295","url":"https:\/\/pagestec.org\/article1821.html","html":"\u003Ch4 class='title'\u003E\u003Ca href='https:\/\/pagestec.org\/article1821.html'\u003EL\u2019obsolescence programm\u00e9e est-elle obsol\u00e8te&nbsp;? - technologie n&#176;191 - \u00e9duscol STI\u003C\/a\u003E\u003C\/h4\u003E\u003Cblockquote class='spip'\u003E\n\u003Cp\u003EL\u2019obsolescence programm\u00e9e est-elle une r\u00e9alit\u00e9&nbsp;? Si elle est souvent difficilement d\u00e9montrable, et parfois justifiable, cette strat\u00e9gie, qui consiste \u00e0 concevoir des produits de telle fa\u00e7on que leur dur\u00e9e de vie soit courte pour en augmenter le taux de remplacement, n\u2019en interroge pas moins le sens de notre soci\u00e9t\u00e9 de consommation et son dogme de la croissance \n\u003Cbr class='autobr' \/\u003E\nDaniel Morgenstern\u2019s insight&nbsp;:\n\u003Cbr class='autobr' \/\u003E\nPour ceux que le sujet int\u00e9resse, un article de fond d\u2019Avril 2014 de la revue TECHNOLOGIE (n&#176;&nbsp;191), par Benoit&nbsp;(...)\u003C\/p\u003E\n\u003C\/blockquote\u003E\n"}