{"version":"1.0","type":"rich","provider_name":"Site Pagestec","provider_url":"https:\/\/www.pagestec.org","title":"26\/27 janvier&nbsp;: 9\u00e8me forum des ressources D\u00e9veloppement Durable","author_name":"no-spam@yourdomaine.com (An@\u00e9)","width":"480","height":"295","url":"https:\/\/pagestec.org\/article2212.html","html":"\u003Ch4 class='title'\u003E\u003Ca href='https:\/\/pagestec.org\/article2212.html'\u003E26\/27 janvier&nbsp;: 9\u00e8me forum des ressources D\u00e9veloppement Durable\u003C\/a\u003E\u003C\/h4\u003E\u003Cblockquote class='spip'\u003E\n\u003Cp\u003E9e FORUM DES RESSOURCES POUR L\u2019EDUCATION AU DEVELOPPEMENT DURABLE, Atelier Canop\u00e9 d\u2019Amiens, 26 et 27 janvier 2017 - 45 rue Saint-Leu -\u2026Le FOREDD, LE RENDEZ-VOUS ANNUEL DE L\u2019EDUCATION AU DEVELOPPEMENT DURABLE  Les 26 et 27 janvier 2017 se tient \u00e0 Amiens la neuvi\u00e8me \u00e9dition du Forum des ressources (...)\u003C\/p\u003E\n\u003C\/blockquote\u003E\n"}