{"version":"1.0","type":"rich","provider_name":"Site Pagestec","provider_url":"https:\/\/www.pagestec.org","title":"C\u00e9cile Morzadec&nbsp;: &quot; Pourquoi je ne crois pas \u00e0 la classe invers\u00e9e&nbsp;?&quot;","author_name":"no-spam@yourdomaine.com (An@\u00e9)","width":"480","height":"295","url":"https:\/\/pagestec.org\/article2292.html","html":"\u003Ch4 class='title'\u003E\u003Ca href='https:\/\/pagestec.org\/article2292.html'\u003EC\u00e9cile Morzadec&nbsp;: &quot; Pourquoi je ne crois pas \u00e0 la classe invers\u00e9e&nbsp;?&quot;\u003C\/a\u003E\u003C\/h4\u003E\u003Cblockquote class='spip'\u003E\n\u003Cp\u003EIl en est de tout dispositif ainsi&nbsp;: certains enseignants se les approprient et c\u2019est bien. Il est aussi n\u00e9cessaire\u2026  Je pr\u00e9f\u00e8re pr\u00e9ciser tout de suite que ce texte n\u2019a pas pour but de critiquer mes coll\u00e8gues adeptes de la classe invers\u00e9e, je ne me situe pas du c\u00f4t\u00e9 de ceux qui critiquent la classe (...)\u003C\/p\u003E\n\u003C\/blockquote\u003E\n"}