{"version":"1.0","type":"rich","provider_name":"Site Pagestec","provider_url":"https:\/\/www.pagestec.org","title":"[Diaporama] Aux Arts et M\u00e9tiers, les Tech-mod\u00e8les s&#8217;exposent pour casser les st\u00e9r\u00e9otypes","author_name":"Xavier Boivinet","width":"480","height":"295","url":"https:\/\/pagestec.org\/article2327.html","html":"\u003Ch4 class='title'\u003E\u003Ca href='https:\/\/pagestec.org\/article2327.html'\u003E[Diaporama] Aux Arts et M\u00e9tiers, les Tech-mod\u00e8les s&#8217;exposent pour casser les st\u00e9r\u00e9otypes\u003C\/a\u003E\u003C\/h4\u003E\u003Cblockquote class='spip'\u003E\n\u003Cp\u003ESur le campus Arts et M\u00e9tiers de Paris, les photos de l\u2019exposition &#171;&nbsp;TECHNOLOGIE nom f\u00e9minin&nbsp;&#187; tordent le cou aux id\u00e9es re\u00e7ues sur le secteur de l\u2019industrie. 18 jeunes femmes issues de l\u2019\u00e9cole ont pris la pose dans leur environnement de travail, pour renvoyer au pass\u00e9 l\u2019image d\u2019un m\u00e9tier [\u2026] Lire l\u2019article\u003C\/p\u003E\n\u003C\/blockquote\u003E\n"}