{"version":"1.0","type":"rich","provider_name":"Site Pagestec","provider_url":"https:\/\/www.pagestec.org","title":"R\u00e9seaux sociaux et \u00e9ducation&nbsp;: r\u00e9veillons-nous&nbsp;!","author_name":"no-spam@yourdomaine.com (An@\u00e9)","width":"480","height":"295","url":"https:\/\/pagestec.org\/article2491.html","html":"\u003Ch4 class='title'\u003E\u003Ca href='https:\/\/pagestec.org\/article2491.html'\u003ER\u00e9seaux sociaux et \u00e9ducation&nbsp;: r\u00e9veillons-nous&nbsp;!\u003C\/a\u003E\u003C\/h4\u003E\u003Cblockquote class='spip'\u003E\n\u003Cp\u003ECommuniqu\u00e9&nbsp;: 3 questions \u00e0 Thomas Faur\u00e9, fondateur et pr\u00e9sident-directeur g\u00e9n\u00e9ral de Whaller - &#171;&nbsp;Rentr\u00e9e scolaire, les GAFAM se propagent dans\u20261. Mythe ou r\u00e9alit\u00e9&nbsp;: court-on le risque que Google prenne le contr\u00f4le de la classe&nbsp;?  Mais c\u2019est d\u00e9j\u00e0 fait&nbsp;! Google et Microsoft sont aujourd\u2019hui utilis\u00e9s dans (...)\u003C\/p\u003E\n\u003C\/blockquote\u003E\n"}