{"version":"1.0","type":"rich","provider_name":"Site Pagestec","provider_url":"https:\/\/www.pagestec.org","title":"La voie professionnelle en d\u00e9bat&nbsp;!","author_name":"no-spam@yourdomaine.com (Figeac Patrick )","width":"480","height":"295","url":"https:\/\/pagestec.org\/article2839.html","html":"\u003Ch4 class='title'\u003E\u003Ca href='https:\/\/pagestec.org\/article2839.html'\u003ELa voie professionnelle en d\u00e9bat&nbsp;!\u003C\/a\u003E\u003C\/h4\u003E\u003Cblockquote class='spip'\u003E\n\u003Cp\u003EAvec la r\u00e9forme de l\u2019apprentissage, les R\u00e9gions vont perdre la main sur le pilotage de la voie professionnelle. D\u00e9sormais, le\u2026 La formation sera donc financ\u00e9e selon la loi de l\u2019\u00e9conomie de march\u00e9. Ecouter le podcast Mais, la vraie question est de savoir si l\u2019\u00e9ducation peut \u00eatre confi\u00e9e \u00e0 n\u2019importe (...)\u003C\/p\u003E\n\u003C\/blockquote\u003E\n"}