{"version":"1.0","type":"rich","provider_name":"Site Pagestec","provider_url":"https:\/\/www.pagestec.org","title":"Assises-colloque Snes-FSU AEAT Pagestec - Initier tous les \u00e9l\u00e8ves \u00e0 une r\u00e9elle culture technologique","author_name":"Pagestec","width":"480","height":"295","url":"https:\/\/pagestec.org\/article2889.html","html":"\u003Ch4 class='title'\u003E\u003Ca href='https:\/\/pagestec.org\/article2889.html'\u003EAssises-colloque Snes-FSU AEAT Pagestec - Initier tous les \u00e9l\u00e8ves \u00e0 une r\u00e9elle culture technologique\u003C\/a\u003E\u003C\/h4\u003E\u003Cblockquote class='spip'\u003E\n\u003Cp\u003EBonjour \u00e0 tous, \n\u003Cbr class='autobr' \/\u003E\n\tLe Snes-FSU, l\u2019AEAT et Pagestec organisent \u00e0 Paris un colloque prenant la forme d\u2019Assises Nationales sur l\u2019Enseignement de la Technologie. \n\u003Cbr class='autobr' \/\u003E\n\tLa date a \u00e9t\u00e9 fix\u00e9e au jeudi 15 novembre 2018 et nous sommes heureux de vous proposer d\u2019y assister. \n\u003Cbr class='autobr' \/\u003E\n\tVous trouverez ci-dessous la pr\u00e9sentation de ce colloque. \n\u003Cbr class='autobr' \/\u003E\n\tCe colloque est ouvert \u00e0 tous, syndiqu\u00e9s comme non syndiqu\u00e9s. Cependant, suivant le nombre des demandes et la capacit\u00e9 d\u2019accueil du lieu (non d\u00e9fini \u00e0 ce jour) o\u00f9 se tiendra ce colloque,&nbsp;(...)\u003C\/p\u003E\n\u003C\/blockquote\u003E\n"}