{"version":"1.0","type":"rich","provider_name":"Site Pagestec","provider_url":"https:\/\/www.pagestec.org","title":"Une exposition &#171;&nbsp;Sur Mesure&nbsp;&#187;, au mus\u00e9e des Arts et M\u00e9tiers","author_name":"Mehdi Bautier","width":"480","height":"295","url":"https:\/\/pagestec.org\/article2917.html","html":"\u003Ch4 class='title'\u003E\u003Ca href='https:\/\/pagestec.org\/article2917.html'\u003EUne exposition &#171;&nbsp;Sur Mesure&nbsp;&#187;, au mus\u00e9e des Arts et M\u00e9tiers\u003C\/a\u003E\u003C\/h4\u003E\u003Cblockquote class='spip'\u003E\n\u003Cp\u003EComment la mesure impacte-t-elle l\u2019homme&nbsp;? L\u2019exposition \"Sur mesure, les 7 unit\u00e9s du monde\" propos\u00e9e par le mus\u00e9e des Arts et M\u00e9tiers de Paris nous invite \u00e0 le d\u00e9couvrir du 16 octobre 2018 au 5 mai 2019.\u003C\/p\u003E\n\u003C\/blockquote\u003E\n"}