{"version":"1.0","type":"rich","provider_name":"Site Pagestec","provider_url":"https:\/\/www.pagestec.org","title":"Digital Society Forum&nbsp;: &quot; Le num\u00e9rique&nbsp;: facteur d\u2019inclusion ou d\u2019exclusion&nbsp;? &quot;","author_name":"no-spam@yourdomaine.com (Perez Michel)","width":"480","height":"295","url":"https:\/\/pagestec.org\/article2944.html","html":"\u003Ch4 class='title'\u003E\u003Ca href='https:\/\/pagestec.org\/article2944.html'\u003EDigital Society Forum&nbsp;: &quot; Le num\u00e9rique&nbsp;: facteur d\u2019inclusion ou d\u2019exclusion&nbsp;? &quot;\u003C\/a\u003E\u003C\/h4\u003E\u003Cblockquote class='spip'\u003E\n\u003Cp\u003EC\u2019est \u00e0 la Cit\u00e9 des Sciences et de l\u2019Industrie de la Villette, le 14 novembre que cette table ronde \u00e9tait\u2026Comment r\u00e9duire cette fracture num3\u00e9rique qui touche 13 millions de fran\u00e7ais&nbsp;? Apr\u00e8s avoir fait le constat, on s\u2019interrogera sur les moyens d\u2019action disponibles et envisageables. Le num\u00e9rique&nbsp;: \u00e7a (...)\u003C\/p\u003E\n\u003C\/blockquote\u003E\n"}