{"version":"1.0","type":"rich","provider_name":"Site Pagestec","provider_url":"https:\/\/www.pagestec.org","title":"Educ\u2019Arte \u2013 Ressource p\u00e9dagogique de la chaine Arte","author_name":"chrdej","width":"480","height":"295","url":"https:\/\/pagestec.org\/article3250.html","html":"\u003Ch4 class='title'\u003E\u003Ca href='https:\/\/pagestec.org\/article3250.html'\u003EEduc\u2019Arte \u2013 Ressource p\u00e9dagogique de la chaine Arte\u003C\/a\u003E\u003C\/h4\u003E\u003Cblockquote class='spip'\u003E\n\u003Cp\u003EEduc\u2019Arte vient de d\u00e9ployer sa ressource dans le GAR. Elle est donc d\u00e9sormais accessible depuis le M\u00c9DIACENTRE des ENT (OS\u00c9, Lyc\u00e9e Connect\u00e9). Il faut bien entendu qu\u2019elle ait \u00e9t\u00e9 affect\u00e9e par le ...\u003C\/p\u003E\n\u003C\/blockquote\u003E\n"}