{"version":"1.0","type":"rich","provider_name":"Site Pagestec","provider_url":"https:\/\/www.pagestec.org","title":"La mobilisation des makers fran\u00e7ais est sans pr\u00e9c\u00e9dent, il serait temps que l\u2019\u00c9tat et les pouvoirs publics s\u2019en rendent compte","author_name":"Pagestec","width":"480","height":"295","url":"https:\/\/pagestec.org\/article3262.html","html":"\u003Ch4 class='title'\u003E\u003Ca href='https:\/\/pagestec.org\/article3262.html'\u003ELa mobilisation des makers fran\u00e7ais est sans pr\u00e9c\u00e9dent, il serait temps que l\u2019\u00c9tat et les pouvoirs publics s\u2019en rendent compte\u003C\/a\u003E\u003C\/h4\u003E\u003Cblockquote class='spip'\u003E\n\u003Cp\u003EDepuis le d\u00e9but de la crise en France, la mobilisation des makers et fablabs contre le Covid-19 est sans pr\u00e9c\u00e9dent. Fort de son exp\u00e9rience d\u2019une d\u00e9cennie en t\u00e9l\u00e9travail collaboratif et en fabrication distribu\u00e9e le mouvement maker a pu se mobiliser tr\u00e8s rapidement. Mais malgr\u00e9 les propositions du R\u00e9seau Fran\u00e7ais des Fablabs au Pr\u00e9sident de la R\u00e9publique et au Ministre de la Sant\u00e9, fablabs et makers doivent composer seuls avec les soignants et la soci\u00e9t\u00e9 civile de proximit\u00e9.\n\u003Cbr class='autobr' \/\u003E\nLien vers la suite de l\u2019article&nbsp;(...)\u003C\/p\u003E\n\u003C\/blockquote\u003E\n"}