{"version":"1.0","type":"rich","provider_name":"Site Pagestec","provider_url":"https:\/\/www.pagestec.org","title":"Vers des pratiques \u00e9co-responsables pour nos usages num\u00e9riques&nbsp;!","author_name":"Pagestec","width":"480","height":"295","url":"https:\/\/pagestec.org\/article3552.html","html":"\u003Ch4 class='title'\u003E\u003Ca href='https:\/\/pagestec.org\/article3552.html'\u003EVers des pratiques \u00e9co-responsables pour nos usages num\u00e9riques&nbsp;!\u003C\/a\u003E\u003C\/h4\u003E\u003Cblockquote class='spip'\u003E\n\u003Cp\u003E\u00c0 partir des usages du num\u00e9rique de nos coll\u00e9giens, l\u2019id\u00e9e est de les sensibiliser aux impacts sur l\u2019environnement afin qu\u2019ils deviennent des citoyens avertis et \u00e9clair\u00e9s conscients de l\u2019importance de pratiques et gestes \u00e9co-responsables. \n\u003Cbr class='autobr' \/\u003E\nIls pourront \u00eatre ainsi des prescripteurs, des usagers ou des conseill\u00e9s dans leur famille et leur entourage. \n\u003Cbr class='autobr' \/\u003E\nUne analyse r\u00e9flexive sur ce travail a \u00e9t\u00e9 ensuite men\u00e9e et pr\u00e9sent\u00e9e. \n\u003Cbr class='autobr' \/\u003E\nNous avons d\u00e9velopp\u00e9 les s\u00e9quences suivantes \n\u003Cbr class='autobr' \/\u003E\n \tCycle 3 - Ma vie num\u00e9rique&nbsp;: Quels&nbsp;(...)\u003C\/p\u003E\n\u003C\/blockquote\u003E\n"}