{"version":"1.0","type":"rich","provider_name":"Site Pagestec","provider_url":"https:\/\/www.pagestec.org","title":"Formation continue des professeurs des \u00e9coles&nbsp;: lancement d\u2019un plan sciences et technologie \u00e0 compter de la rentr\u00e9e scolaire 2022","author_name":"Pagestec","width":"480","height":"295","url":"https:\/\/pagestec.org\/article3859.html","html":"\u003Ch4 class='title'\u003E\u003Ca href='https:\/\/pagestec.org\/article3859.html'\u003EFormation continue des professeurs des \u00e9coles&nbsp;: lancement d\u2019un plan sciences et technologie \u00e0 compter de la rentr\u00e9e scolaire 2022\u003C\/a\u003E\u003C\/h4\u003E\u003Cblockquote class='spip'\u003E\n\u003Cp\u003ELa formation continue de l\u2019ensemble des personnels de l\u2019\u00e9ducation nationale vise \u00e0 doter les professeurs des comp\u00e9tences professionnelles indispensables \u00e0 une constante adaptation aux \u00e9volutions du syst\u00e8me \u00e9ducatif et \u00e0 l\u2019accompagnement des \u00e9l\u00e8ves. Elle constitue \u00e9galement un point d\u2019appui essentiel dans la construction et la r\u00e9ussite du projet professionnel de chaque professeur. \n\u003Cbr class='autobr' \/\u003E\nAvec le Plan math\u00e9matiques et le Plan fran\u00e7ais, la formation continue des professeurs des \u00e9coles s\u2019est transform\u00e9e&nbsp;: fond\u00e9e sur&nbsp;(...)\u003C\/p\u003E\n\u003C\/blockquote\u003E\n"}