{"version":"1.0","type":"rich","provider_name":"Site Pagestec","provider_url":"https:\/\/www.pagestec.org","title":"Projet d\u00e9veloppement durable","author_name":"Pagestec","width":"480","height":"295","url":"https:\/\/pagestec.org\/article389.html","html":"\u003Ch4 class='title'\u003E\u003Ca href='https:\/\/pagestec.org\/article389.html'\u003EProjet d\u00e9veloppement durable\u003C\/a\u003E\u003C\/h4\u003E\u003Cblockquote class='spip'\u003E\n\u003Cp\u003EAvec les remerciements de Pagestec \u00e0 Fabrice Mongredien pour ce partage. \n\u003Cbr class='autobr' \/\u003E\n \tUne petite visite de ce qui s\u2019est fait en salle 102 du coll\u00e8ge G Sand avec les 3\u00e8me&nbsp;: Technologie et D\u00e9veloppement Durable , la d\u00e9marche de projet des 3\u00e8me en 2012 2013\u003C\/p\u003E\n\u003C\/blockquote\u003E\n"}