{"version":"1.0","type":"rich","provider_name":"Site Pagestec","provider_url":"https:\/\/www.pagestec.org","title":"Pagestec \u00e9crit au Ministre&nbsp;!","author_name":"Pagestec","width":"480","height":"295","url":"https:\/\/pagestec.org\/article4013.html","html":"\u003Ch4 class='title'\u003E\u003Ca href='https:\/\/pagestec.org\/article4013.html'\u003EPagestec \u00e9crit au Ministre&nbsp;!\u003C\/a\u003E\u003C\/h4\u003E\u003Cblockquote class='spip'\u003E\n\u003Cp\u003EDepuis plus d\u2019un an des annonces inqui\u00e9tantes sur le devenir de notre discipline se multiplient.\n\u003Cbr class='autobr' \/\u003E\nEn pr\u00e9vision de la prochaine r\u00e9forme du coll\u00e8ge, l\u2019association Pagestec a souhait\u00e9 prendre les devants et demander \u00e0 M.&nbsp;Pap Ndiaye, Ministre de l\u2019Education nationale et de la jeunesse, des explications et\/ou \u00e9claircissements concernant certaines informations largement diffus\u00e9es et discours r\u00e9cemment tenus sur notre enseignement.\n\u003Cbr class='autobr' \/\u003E\nEn esp\u00e9rant que M.&nbsp;Le Ministre daignera nous r\u00e9pondre, ou l\u2019un de ses proches&nbsp;(...)\u003C\/p\u003E\n\u003C\/blockquote\u003E\n"}