{"version":"1.0","type":"rich","provider_name":"Site Pagestec","provider_url":"https:\/\/www.pagestec.org","title":"La Technologie doit-elle \u00eatre sacrifi\u00e9e sur l\u2019autel du fran\u00e7ais et des maths&nbsp;? ","author_name":"Pagestec","width":"480","height":"295","url":"https:\/\/pagestec.org\/article4038.html","html":"\u003Ch4 class='title'\u003E\u003Ca href='https:\/\/pagestec.org\/article4038.html'\u003ELa Technologie doit-elle \u00eatre sacrifi\u00e9e sur l\u2019autel du fran\u00e7ais et des maths&nbsp;? \u003C\/a\u003E\u003C\/h4\u003E\u003Cblockquote class='spip'\u003E\n\u003Cp\u003EJeudi 12 janvier le ministre de l\u2019\u00e9ducation nationale a fait des annonces \u00e0 la presse, relay\u00e9es par plusieurs m\u00e9dias&nbsp;: &#171;&nbsp;Pour ajouter \u00e0 l\u2019emploi du temps des \u00e9l\u00e8ves une heure de soutien en maths ou fran\u00e7ais, tout en restant \u00e0 moyens constants, l\u2019enseignement de la technologie en classe de 6\u00e8me va dispara\u00eetre d\u00e8s la rentr\u00e9e 2023&nbsp;&#187;.\n\u003Cbr class='autobr' \/\u003E\nAinsi, comme ses pr\u00e9d\u00e9cesseurs depuis au moins 50ans, le Ministre de l\u2019\u00c9ducation annonce poursuivre la destruction de l\u2019enseignement des savoirs indispensables \u00e0 l\u2019autonomie des&nbsp;(...)\u003C\/p\u003E\n\u003C\/blockquote\u003E\n"}