{"version":"1.0","type":"rich","provider_name":"Site Pagestec","provider_url":"https:\/\/www.pagestec.org","title":"Suppression de la techno en 6e&nbsp;: inacceptable&nbsp;!","author_name":"Pagestec","width":"480","height":"295","url":"https:\/\/pagestec.org\/article4039.html","html":"\u003Ch4 class='title'\u003E\u003Ca href='https:\/\/pagestec.org\/article4039.html'\u003ESuppression de la techno en 6e&nbsp;: inacceptable&nbsp;!\u003C\/a\u003E\u003C\/h4\u003E\u003Cblockquote class='spip'\u003E\n\u003Cp\u003ERenouant avec les pratiques de son pr\u00e9d\u00e9cesseur, c\u2019est sur BFM et dans la presse r\u00e9gionale que notre ministre a annonc\u00e9 la suppression de l\u2019enseignement de technologie en coll\u00e8ge pour introduire des groupes de niveaux en fran\u00e7ais et math\u00e9matiques, les fameux fondamentaux. Cette d\u00e9cision serait en tout point inacceptable. Nous appelons \u00e0 voter contre des DG insuffisantes et de surcro\u00eet fond\u00e9es sur les d\u00e9clarations sur BFM TV\n\u003Cbr class='autobr' \/\u003E\nLa suite de cet article en cliquant sur le lien ci-dessous&nbsp;(...)\u003C\/p\u003E\n\u003C\/blockquote\u003E\n"}