{"version":"1.0","type":"rich","provider_name":"Site Pagestec","provider_url":"https:\/\/www.pagestec.org","title":"R\u00e9ponse du ministre au s\u00e9nat sur la suppression de la technologie","author_name":"Pagestec","width":"480","height":"295","url":"https:\/\/pagestec.org\/article4051.html","html":"\u003Ch4 class='title'\u003E\u003Ca href='https:\/\/pagestec.org\/article4051.html'\u003ER\u00e9ponse du ministre au s\u00e9nat sur la suppression de la technologie\u003C\/a\u003E\u003C\/h4\u003E\u003Cblockquote class='spip'\u003E\n\u003Cp\u003EUne formation dipl\u00f4mante est annonc\u00e9e pour les profs de techno pour 2023\/2024 \"La situation personnelle des professeurs de technologie sera pr\u00e9serv\u00e9e. Nous discutons avec les associations de technologie\" c\/ @assetec_fr pic.twitter.com\/nM5LgIjSjt \n\u003Cbr class='autobr' \/\u003E\n-- Caf\u00e9 p\u00e9dagogique (@cafepedagogique) February 1, 2023 \n\u003Cbr class='autobr' \/\u003E\nSuppression de la technologie au coll\u00e8ge&nbsp;: question au S\u00e9nat de @moniquedemarco (aid\u00e9e par #ChatGPT ) \u00e0 @PapNdiaye \"Cette d\u00e9cision verticale n\u2019a \u00e9t\u00e9 ni pr\u00e9sent\u00e9e, ni discut\u00e9e, ni concert\u00e9e\"&nbsp;(...)\u003C\/p\u003E\n\u003C\/blockquote\u003E\n"}