{"version":"1.0","type":"rich","provider_name":"Site Pagestec","provider_url":"https:\/\/www.pagestec.org","title":"Barom\u00e8tre du num\u00e9rique 2022","author_name":"arnaud.turquois@gmail.com (Super Utilisateur Num\u00e9rique)","width":"480","height":"295","url":"https:\/\/pagestec.org\/article4130.html","html":"\u003Ch4 class='title'\u003E\u003Ca href='https:\/\/pagestec.org\/article4130.html'\u003EBarom\u00e8tre du num\u00e9rique 2022\u003C\/a\u003E\u003C\/h4\u003E\u003Cblockquote class='spip'\u003E\n\u003Cp\u003ECette enqu\u00eate sur la diffusion des technologies de l\u2019information et de la communication dans la soci\u00e9t\u00e9 fran\u00e7aise est publi\u00e9e par le Conseil G\u00e9n\u00e9ral de l\u2019Economie (CGE), l\u2019Autorit\u00e9 de r\u00e9gulation des communications \u00e9lectroniques, des postes et de la distribution de la presse (Arcep) et l\u2019Agence Nationale de la Coh\u00e9sion des Territoires (ANCT). \n\u003Cbr class='autobr' \/\u003E\nCe barom\u00e8tre permet de mesurer l\u2019adoption par les Fran\u00e7ais des \u00e9quipements et \u00e9tudier leurs pratiques num\u00e9riques, de d\u00e9tecter les in\u00e9galit\u00e9s d\u2019acc\u00e8s et de comp\u00e9tences&nbsp;(...)\u003C\/p\u003E\n\u003C\/blockquote\u003E\n"}