{"version":"1.0","type":"rich","provider_name":"Site Pagestec","provider_url":"https:\/\/www.pagestec.org","title":"La Cour des Comptes veut d\u00e9s\u00e9tatiser le m\u00e9tier enseignant","author_name":"Pagestec","width":"480","height":"295","url":"https:\/\/pagestec.org\/article4155.html","html":"\u003Ch4 class='title'\u003E\u003Ca href='https:\/\/pagestec.org\/article4155.html'\u003ELa Cour des Comptes veut d\u00e9s\u00e9tatiser le m\u00e9tier enseignant\u003C\/a\u003E\u003C\/h4\u003E\u003Cblockquote class='spip'\u003E\n\u003Cp\u003ETerritorialiser signifie d\u00e9s\u00e9tatiser. C\u2019est ce que montre clairement le nouveau rapport de la Cour des Comptes &#171;&nbsp;Privil\u00e9gier l\u2019approche territoriale et l\u2019autonomie dans la gestion des d\u00e9penses d\u2019\u00e9ducation&nbsp;&#187;. La Cour appelle \u00e0 territorialiser le recrutement et la gestion des enseignants pour en finir avec leur statut et &#171;&nbsp;le cloisonnement des m\u00e9tiers&nbsp;&#187;. Rien de neuf dans cette &#171;&nbsp;Note&nbsp;&#187; qui reprend des id\u00e9es \u00e9mises auparavant. Si ce n\u2019est que c\u2019est le troisi\u00e8me rapport en 2023 sur l\u2019Ecole, le 4\u00e8me depuis&nbsp;(...)\u003C\/p\u003E\n\u003C\/blockquote\u003E\n"}