{"version":"1.0","type":"rich","provider_name":"Site Pagestec","provider_url":"https:\/\/www.pagestec.org","title":"HSE et IMP r\u00e9cup\u00e9r\u00e9es&nbsp;: histoire d\u2019un r\u00e9trop\u00e9dalage","author_name":"Caf\u00e9 p\u00e9dagogique","width":"480","height":"295","url":"https:\/\/pagestec.org\/article4304.html","html":"\u003Ch4 class='title'\u003E\u003Ca href='https:\/\/pagestec.org\/article4304.html'\u003EHSE et IMP r\u00e9cup\u00e9r\u00e9es&nbsp;: histoire d\u2019un r\u00e9trop\u00e9dalage\u003C\/a\u003E\u003C\/h4\u003E\u003Cblockquote class='spip'\u003E\n\u003Cp\u003ELa col\u00e8re gronde chez les enseignant\u00b7es, mais aussi chez les chef\u00b7es d\u2019\u00e9tablissement. La succession d\u2019annonces \u2013 groupes de niveau, uniforme, internats de punition, redoublement, g\u00e9n\u00e9ralisation du SNU\u2026 \u2013 dont beaucoup doutent de la l\u00e9gitimit\u00e9 voire les estiment contraires \u00e0 leurs valeurs, mettent \u00e0 mal la (...)\u003C\/p\u003E\n\u003C\/blockquote\u003E\n"}