{"version":"1.0","type":"rich","provider_name":"Site Pagestec","provider_url":"https:\/\/www.pagestec.org","title":"\u00c9duquer au d\u00e9veloppement durable&nbsp;? une question \u00e9minemment politique","author_name":"Caf\u00e9 p\u00e9dagogique","width":"480","height":"295","url":"https:\/\/pagestec.org\/article4321.html","html":"\u003Ch4 class='title'\u003E\u003Ca href='https:\/\/pagestec.org\/article4321.html'\u003E\u00c9duquer au d\u00e9veloppement durable&nbsp;? une question \u00e9minemment politique\u003C\/a\u003E\u003C\/h4\u003E\u003Cblockquote class='spip'\u003E\n\u003Cp\u003ELe dossier du dernier num\u00e9ro de la revue de S\u00e8vres, qui traite de l\u2019\u00e9ducation au d\u00e9veloppement durable, est \u00e9minemment politique. &#171;&nbsp;Si la politique est une activit\u00e9 visant \u00e0 l\u2019\u00e9dification du monde commun, l\u2019\u00e9ducation est une activit\u00e9 visant l\u2019apprentissage du monde&nbsp;; toute crise de soci\u00e9t\u00e9 implique une (...)\u003C\/p\u003E\n\u003C\/blockquote\u003E\n"}