{"version":"1.0","type":"rich","provider_name":"Site Pagestec","provider_url":"https:\/\/www.pagestec.org","title":"L\u2019\u00c9cole et les IA G\u00e9n\u00e9ratives","author_name":"Caf\u00e9 p\u00e9dagogique","width":"480","height":"295","url":"https:\/\/pagestec.org\/article4344.html","html":"\u003Ch4 class='title'\u003E\u003Ca href='https:\/\/pagestec.org\/article4344.html'\u003EL\u2019\u00c9cole et les IA G\u00e9n\u00e9ratives\u003C\/a\u003E\u003C\/h4\u003E\u003Cblockquote class='spip'\u003E\n\u003Cp\u003ELes intelligences artificielles g\u00e9n\u00e9ratives impactent directement la sph\u00e8re des savoirs et de l\u2019\u00e9cole. R\u00e9seau Canop\u00e9 organise le mercredi 26 juin, une journ\u00e9e consacr\u00e9e \u00e0 cette th\u00e9matique, proposant un \u00e9clairage concret \u00e0 destination de l\u2019ensemble de la communaut\u00e9 \u00e9ducative. Comment adapter un outil grand (...)\u003C\/p\u003E\n\u003C\/blockquote\u003E\n"}