{"version":"1.0","type":"rich","provider_name":"Site Pagestec","provider_url":"https:\/\/www.pagestec.org","title":"Faux d\u00e9part de la ministre Anne Genetet","author_name":"Caf\u00e9 p\u00e9dagogique","width":"480","height":"295","url":"https:\/\/pagestec.org\/article4450.html","html":"\u003Ch4 class='title'\u003E\u003Ca href='https:\/\/pagestec.org\/article4450.html'\u003EFaux d\u00e9part de la ministre Anne Genetet\u003C\/a\u003E\u003C\/h4\u003E\u003Cblockquote class='spip'\u003E\n\u003Cp\u003EApr\u00e8s une rentr\u00e9e scolaire in\u00e9dite, avec un gouvernement d\u00e9missionnaire et des personnels engag\u00e9s sur le terrain, les premi\u00e8res expressions publiques de la ministre de l\u2019\u00c9ducation nationale \u00e9taient attendues\u2026 ou pas. Lors L\u2019article Faux d\u00e9part de la ministre Anne Genetet est apparu en premier sur Le Caf\u00e9 (...)\u003C\/p\u003E\n\u003C\/blockquote\u003E\n"}