{"version":"1.0","type":"rich","provider_name":"Site Pagestec","provider_url":"https:\/\/www.pagestec.org","title":"Comment raconter, par les objets, un monde sans \u00e9criture&nbsp;?","author_name":"Caf\u00e9 p\u00e9dagogique","width":"480","height":"295","url":"https:\/\/pagestec.org\/article4533.html","html":"\u003Ch4 class='title'\u003E\u003Ca href='https:\/\/pagestec.org\/article4533.html'\u003EComment raconter, par les objets, un monde sans \u00e9criture&nbsp;?\u003C\/a\u003E\u003C\/h4\u003E\u003Cblockquote class='spip'\u003E\n\u003Cp\u003ELe Mus\u00e9e d\u2019Arch\u00e9ologie Nationale accueille en r\u00e9sidence l\u2019\u00e9crivain Mathieu Simonet, sur le projet Un monde sans \u00e9criture, en lien avec la prochaine exposition &#171;&nbsp;Les Ma\u00eetres du Feu, l\u2019\u00e2ge du L\u2019article Comment raconter, par les objets, un monde sans \u00e9criture&nbsp;? est apparu en premier sur Le Caf\u00e9 (...)\u003C\/p\u003E\n\u003C\/blockquote\u003E\n"}