{"version":"1.0","type":"rich","provider_name":"Site Pagestec","provider_url":"https:\/\/www.pagestec.org","title":"L&#8217;&#233;ducation &#224; l&#8217;heure de l&#8217;IA&nbsp;: &#224; quoi ressemblera l&#8217;&#233;ducation du futur&nbsp;?","author_name":"","width":"480","height":"295","url":"https:\/\/pagestec.org\/article4608.html","html":"\u003Ch4 class='title'\u003E\u003Ca href='https:\/\/pagestec.org\/article4608.html'\u003EL&#8217;&#233;ducation &#224; l&#8217;heure de l&#8217;IA&nbsp;: &#224; quoi ressemblera l&#8217;&#233;ducation du futur&nbsp;?\u003C\/a\u003E\u003C\/h4\u003E\u003Cblockquote class='spip'\u003E\n\u003Cp\u003EVoix off&nbsp;: Sud Radio \u2013 Le num\u00e9rique pour tous \u2013 Vanessa Perez. \n\u003Cbr class='autobr' \/\u003E\nVanessa Perez&nbsp;: Bonjour et bienvenue dans Le num\u00e9rique pour tous, l\u2019\u00e9mission d\u00e9di\u00e9e au digital, \u00e0 l\u2019innovation et \u00e0 la tech responsable. Aujourd\u2019hui, nous allons parler \u00e9ducation du futur \u00e0 l\u2019heure de l\u2019intelligence artificielle. Comment l\u2019intelligence artificielle va-t-elle bouleverser l\u2019\u00e9ducation&nbsp;? Pourquoi sommes-nous, peut-\u00eatre, compl\u00e8tement \u00e0 c\u00f4t\u00e9 des m\u00e9thodes d\u2019enseignement qui seraient n\u00e9cessaires pour construire le (\u2026) -&nbsp;(...)\u003C\/p\u003E\n\u003C\/blockquote\u003E\n"}