{"version":"1.0","type":"rich","provider_name":"Site Pagestec","provider_url":"https:\/\/www.pagestec.org","title":"Pas d\u2019IA g\u00e9n\u00e9rative avant la 4\u00e8me","author_name":"Caf\u00e9 p\u00e9dagogique","width":"480","height":"295","url":"https:\/\/pagestec.org\/article4672.html","html":"\u003Ch4 class='title'\u003E\u003Ca href='https:\/\/pagestec.org\/article4672.html'\u003EPas d\u2019IA g\u00e9n\u00e9rative avant la 4\u00e8me\u003C\/a\u003E\u003C\/h4\u003E\u003Cblockquote class='spip'\u003E\n\u003Cp\u003EQue retenir du cadre de l\u2019IA publi\u00e9 par le minist\u00e8re&nbsp;? Au coll\u00e8ge usage encadr\u00e9 \u00e0 partir de la 4\u00e8, une formation obligatoire aux IA et \u00e0 leurs enjeux en L\u2019article Pas d\u2019IA g\u00e9n\u00e9rative avant la 4\u00e8me est apparu en premier sur Le Caf\u00e9 p\u00e9dagogique.\u003C\/p\u003E\n\u003C\/blockquote\u003E\n"}