{"version":"1.0","type":"rich","provider_name":"Site Pagestec","provider_url":"https:\/\/www.pagestec.org","title":"Projet d\u2019am\u00e9nagement des programmes de technologie du cycle 4","author_name":"Pagestec","width":"480","height":"295","url":"https:\/\/pagestec.org\/article4685.html","html":"\u003Ch4 class='title'\u003E\u003Ca href='https:\/\/pagestec.org\/article4685.html'\u003EProjet d\u2019am\u00e9nagement des programmes de technologie du cycle 4\u003C\/a\u003E\u003C\/h4\u003E\u003Cblockquote class='spip'\u003E\n\u003Cp\u003ELes am\u00e9nagements du programme en vigueur depuis la rentr\u00e9e 2024 concernent&nbsp;: \n\u003Cbr class='autobr' \/\u003E\n\u2022 l\u2019introduction d\u2019exemples de r\u00e9ussite&nbsp;;\n\u003Cbr class='autobr' \/\u003E\n\u2022 l\u2019int\u00e9gration de r\u00e9f\u00e9rences au socle commun de connaissances, de comp\u00e9tences et de culture. \n\u003Cbr class='autobr' \/\u003E\nCe projet de programme n\u2019engage pas, \u00e0 ce stade, le minist\u00e8re de l\u2019\u00c9ducation nationale\u003C\/p\u003E\n\u003C\/blockquote\u003E\n"}