{"version":"1.0","type":"rich","provider_name":"Site Pagestec","provider_url":"https:\/\/www.pagestec.org","title":"Pause num\u00e9rique au coll\u00e8ge&nbsp;: l\u2019interdiction du t\u00e9l\u00e9phone g\u00e9n\u00e9ralis\u00e9e d\u00e8s la rentr\u00e9e 2025","author_name":"Tania Robieu","width":"480","height":"295","url":"https:\/\/pagestec.org\/article4700.html","html":"\u003Ch4 class='title'\u003E\u003Ca href='https:\/\/pagestec.org\/article4700.html'\u003EPause num\u00e9rique au coll\u00e8ge&nbsp;: l\u2019interdiction du t\u00e9l\u00e9phone g\u00e9n\u00e9ralis\u00e9e d\u00e8s la rentr\u00e9e 2025\u003C\/a\u003E\u003C\/h4\u003E\u003Cblockquote class='spip'\u003E\n\u003Cp\u003EUne circulaire publi\u00e9e ce 10 juillet par le minist\u00e8re de l\u2019\u00c9ducation nationale confirme l\u2019interdiction du t\u00e9l\u00e9phone portable pour tous les coll\u00e9giens \u00e0 partir de la rentr\u00e9e 2025. L\u2019article Pause num\u00e9rique au coll\u00e8ge&nbsp;: l\u2019interdiction du t\u00e9l\u00e9phone g\u00e9n\u00e9ralis\u00e9e d\u00e8s la rentr\u00e9e 2025 est apparu en premier sur (...)\u003C\/p\u003E\n\u003C\/blockquote\u003E\n"}