{"version":"1.0","type":"rich","provider_name":"Site Pagestec","provider_url":"https:\/\/www.pagestec.org","title":"La fin programm\u00e9e des comp\u00e9tences au coll\u00e8ge","author_name":"Caf\u00e9 p\u00e9dagogique","width":"480","height":"295","url":"https:\/\/pagestec.org\/article4755.html","html":"\u003Ch4 class='title'\u003E\u003Ca href='https:\/\/pagestec.org\/article4755.html'\u003ELa fin programm\u00e9e des comp\u00e9tences au coll\u00e8ge\u003C\/a\u003E\u003C\/h4\u003E\u003Cblockquote class='spip'\u003E\n\u003Cp\u003E&#171;&nbsp;Comment la France peut-elle engager un tel recul en arri\u00e8re&nbsp;?&nbsp;&#187; demande St\u00e9phane Germain, principal de coll\u00e8ge et auteur en \u00e9ducation. Il revient dans cet article sur la L\u2019article La fin programm\u00e9e des comp\u00e9tences au coll\u00e8ge est apparu en premier sur Le Caf\u00e9 (...)\u003C\/p\u003E\n\u003C\/blockquote\u003E\n"}