{"version":"1.0","type":"rich","provider_name":"Site Pagestec","provider_url":"https:\/\/www.pagestec.org","title":"L\u2019OPA du Medef sur l\u2019\u00e9ducation et la formation","author_name":"Caf\u00e9 p\u00e9dagogique","width":"480","height":"295","url":"https:\/\/pagestec.org\/article4798.html","html":"\u003Ch4 class='title'\u003E\u003Ca href='https:\/\/pagestec.org\/article4798.html'\u003EL\u2019OPA du Medef sur l\u2019\u00e9ducation et la formation\u003C\/a\u003E\u003C\/h4\u003E\u003Cblockquote class='spip'\u003E\n\u003Cp\u003E&#171;&nbsp;Du public au priv\u00e9, tout le monde est debout pour applaudir \u00e0 la mainmise du patronat sur l\u2019universit\u00e9 et l\u2019enseignement professionnel publics. Macron a bien r\u00e9ussi sa privatisation du service L\u2019article L\u2019OPA du Medef sur l\u2019\u00e9ducation et la formation est apparu en premier sur Le Caf\u00e9 (...)\u003C\/p\u003E\n\u003C\/blockquote\u003E\n"}