{"version":"1.0","type":"rich","provider_name":"Site Pagestec","provider_url":"https:\/\/www.pagestec.org","title":"L\u2019appel du Caf\u00e9 p\u00e9dagogique pour &#171;&nbsp;Notre Ecole 2027&nbsp;&#187;&nbsp;: Construisons ensemble un vrai projet \u00e9ducatif global","author_name":"Caf\u00e9 p\u00e9dagogique","width":"480","height":"295","url":"https:\/\/pagestec.org\/article4864.html","html":"\u003Ch4 class='title'\u003E\u003Ca href='https:\/\/pagestec.org\/article4864.html'\u003EL\u2019appel du Caf\u00e9 p\u00e9dagogique pour &#171;&nbsp;Notre Ecole 2027&nbsp;&#187;&nbsp;: Construisons ensemble un vrai projet \u00e9ducatif global\u003C\/a\u003E\u003C\/h4\u003E\u003Cblockquote class='spip'\u003E\n\u003Cp\u003EIl est temps de proposer un projet alternatif aux politiques de sanction et d\u2019exclusion. Depuis sa cr\u00e9ation, le Caf\u00e9 p\u00e9dagogique s\u2019est engag\u00e9 aupr\u00e8s des forces progressistes pour un syst\u00e8me \u00e9ducatif L\u2019article L\u2019appel du Caf\u00e9 p\u00e9dagogique pour &#171;&nbsp;Notre Ecole 2027&nbsp;&#187;&nbsp;: Construisons ensemble un vrai projet (...)\u003C\/p\u003E\n\u003C\/blockquote\u003E\n"}