{"version":"1.0","type":"rich","provider_name":"Site Pagestec","provider_url":"https:\/\/www.pagestec.org","title":"Techno coll\u00e8ge&nbsp;: changement de programme en vue&nbsp;?","author_name":"Pagestec","width":"480","height":"295","url":"https:\/\/pagestec.org\/article61.html","html":"\u003Ch4 class='title'\u003E\u003Ca href='https:\/\/pagestec.org\/article61.html'\u003ETechno coll\u00e8ge&nbsp;: changement de programme en vue&nbsp;?\u003C\/a\u003E\u003C\/h4\u003E\u003Cblockquote class='spip'\u003E\n\u003Cp\u003ELe minist\u00e8re du redressement productif a r\u00e9cemment organis\u00e9 les \"Assises de l\u2019entrepreneuriat\". \n\u003Cbr class='autobr' \/\u003E\n \tLe premier groupe de travail traitait de la mani\u00e8re de \"Diffuser l\u2019esprit d\u2019entreprendre aupr\u00e8s des jeunes\". \n\u003Cbr class='autobr' \/\u003E\n \tExtrait du rapport de ce groupe de travail&nbsp;: \n\u003Cbr class='autobr' \/\u003E\n\t+++++++++++++++++++++++++++++++++++++++++++ \n\u003Cbr class='autobr' \/\u003E\n \t3. Descriptif d\u00e9taill\u00e9 de la mesure \n\u003Cbr class='autobr' \/\u003E\n \t1 - Au coll\u00e8ge&nbsp;: \n\u003Cbr class='autobr' \/\u003E\n \t1.a. R\u00e9nover le programme de Technologie au coll\u00e8ge&nbsp;: \n\u003Cbr class='autobr' \/\u003E\n \tIntroduire une connaissance de l\u2019entreprise et de son environnement, ainsi qu\u2019une&nbsp;(...)\u003C\/p\u003E\n\u003C\/blockquote\u003E\n"}