{"version":"1.0","type":"rich","provider_name":"Site Pagestec","provider_url":"https:\/\/www.pagestec.org","title":"Impression 3D&nbsp;: la redevance sur la copie priv\u00e9e va-t-elle s\u2019appliquer&nbsp;?","author_name":"Jean-Fran\u00e7ois Preveraud","width":"480","height":"295","url":"https:\/\/pagestec.org\/article797.html","html":"\u003Ch4 class='title'\u003E\u003Ca href='https:\/\/pagestec.org\/article797.html'\u003EImpression 3D&nbsp;: la redevance sur la copie priv\u00e9e va-t-elle s\u2019appliquer&nbsp;?\u003C\/a\u003E\u003C\/h4\u003E\u003Cblockquote class='spip'\u003E\n\u003Cp\u003ELes s\u00e9nateurs d\u00e9posent un amendement \u00e0 la loi Macron pour taxer l\u2019usage de l\u2019impression 3D. Une id\u00e9e g\u00e9n\u00e9reuse pour prot\u00e9ger les cr\u00e9ateurs d\u2019objets 3D, mais qui pourrait freiner le d\u00e9ploiement d\u2019une technologie prometteuse tans dans l\u2019industrie que dans le grand public. Le groupe socialiste au S\u00e9nat [\u2026] Lire l\u2019article\u003C\/p\u003E\n\u003C\/blockquote\u003E\n"}