{"version":"1.0","type":"rich","provider_name":"Site Pagestec","provider_url":"https:\/\/www.pagestec.org","title":"&quot;Il faudrait une v\u00e9ritable formation vocale des enseignants&quot;","author_name":"Charles Centofanti","width":"480","height":"295","url":"https:\/\/pagestec.org\/article808.html","html":"\u003Ch4 class='title'\u003E\u003Ca href='https:\/\/pagestec.org\/article808.html'\u003E&quot;Il faudrait une v\u00e9ritable formation vocale des enseignants&quot;\u003C\/a\u003E\u003C\/h4\u003E\u003Cblockquote class='spip'\u003E\n\u003Cp\u003ELe 15 avril, c\u2019est la Journ\u00e9e Mondiale de la Voix. Comment la pr\u00e9server quand on est enseignant&nbsp;? Entretien avec le Dr Beno\u00eet Amy de la Bret\u00e8que, phoniatre dans les h\u00f4pitaux publics de Montpellier et de Marseille.\u003C\/p\u003E\n\u003C\/blockquote\u003E\n"}