{"version":"1.0","type":"rich","provider_name":"Site Pagestec","provider_url":"https:\/\/www.pagestec.org","title":"L&#8217;exp\u00e9dition du 7\u00e8me continent, exposition et ressources","author_name":"no-spam@yourdomaine.com (An@\u00e9)","width":"480","height":"295","url":"https:\/\/pagestec.org\/article993.html","html":"\u003Ch4 class='title'\u003E\u003Ca href='https:\/\/pagestec.org\/article993.html'\u003EL&#8217;exp\u00e9dition du 7\u00e8me continent, exposition et ressources\u003C\/a\u003E\u003C\/h4\u003E\u003Cblockquote class='spip'\u003E\n\u003Cp\u003EL\u2019exp\u00e9dition 7\u00e8me Continent est \u00e0 Paris depuis le 5 juin au Port des Champs Elys\u00e9es (au pied du Pont Alexandre\u2026 Pendant l\u2019Exp\u00e9dition, nous animons durant la semaine europ\u00e9enne du d\u00e9veloppement durable des journ\u00e9es de collecte des d\u00e9chets le long de la Seine avec le public qui \u00e0 droit \u00e0 une rencontre via (...)\u003C\/p\u003E\n\u003C\/blockquote\u003E\n"}